{"id":132,"date":"2024-11-04T08:19:44","date_gmt":"2024-11-04T08:19:44","guid":{"rendered":"https:\/\/simpleservicerh.ch\/?page_id=132"},"modified":"2025-02-17T08:13:16","modified_gmt":"2025-02-17T08:13:16","slug":"formation-et-developpement-des-programmes-sur-mesure-pour-la-croissance-de-vos-equipes","status":"publish","type":"page","link":"https:\/\/simpleservicerh.ch\/?page_id=132","title":{"rendered":"Formations en Management, Insertion Professionnelle &#038; Ressources Humaines"},"content":{"rendered":"\t\t<div data-elementor-type=\"wp-page\" data-elementor-id=\"132\" class=\"elementor elementor-132\">\n\t\t\t\t<div class=\"elementor-element elementor-element-27d6763d e-flex e-con-boxed e-con e-parent\" data-id=\"27d6763d\" data-element_type=\"container\" data-e-type=\"container\">\n\t\t\t\t\t<div class=\"e-con-inner\">\n\t\t\t\t<div class=\"elementor-element elementor-element-4a1cbf67 elementor-widget elementor-widget-text-editor\" data-id=\"4a1cbf67\" data-element_type=\"widget\" data-e-type=\"widget\" data-widget_type=\"text-editor.default\">\n\t\t\t\t<div class=\"elementor-widget-container\">\n\t\t\t\t\t\t\t\t\t<p data-start=\"258\" data-end=\"672\">Dans un environnement en constante \u00e9volution, il est essentiel pour les entreprises et les professionnels de <strong data-start=\"367\" data-end=\"410\">d\u00e9velopper en continu leurs comp\u00e9tences<\/strong>. Que ce soit pour <strong data-start=\"429\" data-end=\"581\">renforcer le leadership, am\u00e9liorer l\u2019efficacit\u00e9 en entreprise, faciliter l\u2019insertion professionnelle ou optimiser la gestion des ressources humaines<\/strong>, la formation permet d\u2019acqu\u00e9rir les outils n\u00e9cessaires pour s\u2019adapter aux d\u00e9fis actuels.<\/p>\n<p data-start=\"674\" data-end=\"1012\">En tant que <strong data-start=\"686\" data-end=\"725\">consultant et formateur ind\u00e9pendant<\/strong>, je propose des <strong data-start=\"742\" data-end=\"771\">formations personnalis\u00e9es<\/strong>, adapt\u00e9es aux besoins sp\u00e9cifiques des entreprises, \u00e9coles et professionnels en transition. Mon approche est <strong data-start=\"880\" data-end=\"907\">pratique et interactive<\/strong>, int\u00e9grant des \u00e9tudes de cas, des mises en situation et des outils concrets applicables imm\u00e9diatement.<\/p>\n\n\n<hr data-start=\"1014\" data-end=\"1017\" \/>\n\n<h2 data-start=\"1019\" data-end=\"1045\">\ud83c\udfaf <strong data-start=\"1025\" data-end=\"1043\">Mes Formations<\/strong><\/h2>\n<h3 data-start=\"1047\" data-end=\"1105\"><strong data-start=\"1051\" data-end=\"1103\">\ud83d\udfe0 Formations en Gestion des Ressources Humaines<\/strong><\/h3>\n<p data-start=\"1106\" data-end=\"1186\">\ud83d\udccc <strong data-start=\"1109\" data-end=\"1184\">Destin\u00e9es aux assistants RH, responsables RH et dirigeants d\u2019entreprise<\/strong><\/p>\n<p data-start=\"1188\" data-end=\"1938\">\ud83d\udd39 <strong data-start=\"1191\" data-end=\"1217\">Bases du management RH<\/strong> : Principes fondamentaux de gestion des ressources humaines<br data-start=\"1277\" data-end=\"1280\" \/>\ud83d\udd39 <strong data-start=\"1283\" data-end=\"1312\">Gestion administrative RH<\/strong> : Dossiers du personnel, contrats, obligations l\u00e9gales<br data-start=\"1367\" data-end=\"1370\" \/>\ud83d\udd39 <strong data-start=\"1373\" data-end=\"1420\">Gestion des salaires et assurances sociales<\/strong> : LPP, LAA, AVS, imp\u00f4ts \u00e0 la source<br data-start=\"1456\" data-end=\"1459\" \/>\ud83d\udd39 <strong data-start=\"1462\" data-end=\"1489\">Droit du travail suisse<\/strong> : Obligations employeur\/employ\u00e9, r\u00e8gles de licenciement et engagement<br data-start=\"1559\" data-end=\"1562\" \/>\ud83d\udd39 <strong data-start=\"1565\" data-end=\"1593\">Recrutement &amp; onboarding<\/strong> : Techniques de s\u00e9lection, int\u00e9gration et fid\u00e9lisation des talents<br data-start=\"1660\" data-end=\"1663\" \/>\ud83d\udd39 <strong data-start=\"1666\" data-end=\"1702\">Marketing RH et marque employeur<\/strong> : Attirer, motiver et retenir les collaborateurs<br data-start=\"1751\" data-end=\"1754\" \/>\ud83d\udd39 <strong data-start=\"1757\" data-end=\"1780\">Gestion de crise RH<\/strong> : Anticiper et g\u00e9rer restructurations, licenciements, conflits internes<br data-start=\"1852\" data-end=\"1855\" \/>\ud83d\udd39 <strong data-start=\"1858\" data-end=\"1895\">Partenariat social et n\u00e9gociation<\/strong> : Construire un dialogue social efficace<\/p>\n\n\n<hr data-start=\"1940\" data-end=\"1943\" \/>\n\n<h3 data-start=\"1945\" data-end=\"1995\"><strong data-start=\"1949\" data-end=\"1993\">\ud83d\udfe2 Formations en Management &amp; Leadership<\/strong><\/h3>\n<p data-start=\"1996\" data-end=\"2055\">\ud83d\udccc <strong data-start=\"1999\" data-end=\"2053\">Pour managers, chefs d\u2019\u00e9quipe et cadres en devenir<\/strong><\/p>\n<p data-start=\"2057\" data-end=\"2615\">\ud83d\udd39 <strong data-start=\"2060\" data-end=\"2091\">D\u00e9veloppement du leadership<\/strong> : Coaching et posture du leader<br data-start=\"2123\" data-end=\"2126\" \/>\ud83d\udd39 <strong data-start=\"2129\" data-end=\"2169\">Gestion des conflits &amp; communication<\/strong> : Pr\u00e9venir et r\u00e9soudre les tensions en entreprise<br data-start=\"2219\" data-end=\"2222\" \/>\ud83d\udd39 <strong data-start=\"2225\" data-end=\"2264\">Gestion des objectifs &amp; performance<\/strong> : D\u00e9finir des KPIs et motiver les \u00e9quipes<br data-start=\"2306\" data-end=\"2309\" \/>\ud83d\udd39 <strong data-start=\"2312\" data-end=\"2347\">D\u00e9l\u00e9gation et gestion du stress<\/strong> : Mieux r\u00e9partir les t\u00e2ches et g\u00e9rer la pression<br data-start=\"2396\" data-end=\"2399\" \/>\ud83d\udd39 <strong data-start=\"2402\" data-end=\"2452\">\u00c9valuation et d\u00e9veloppement des collaborateurs<\/strong> : Instaurer un processus d\u2019\u00e9valuation motivant<br data-start=\"2499\" data-end=\"2502\" \/>\ud83d\udd39 <strong data-start=\"2505\" data-end=\"2539\">Coh\u00e9sion et dynamique d\u2019\u00e9quipe<\/strong> : Favoriser un esprit collaboratif et un environnement de travail positif<\/p>\n\n\n<hr data-start=\"2617\" data-end=\"2620\" \/>\n\n<h3 data-start=\"2622\" data-end=\"2674\"><strong data-start=\"2626\" data-end=\"2672\">\ud83d\udd35 Formations en Insertion Professionnelle<\/strong><\/h3>\n<p data-start=\"2675\" data-end=\"2759\">\ud83d\udccc <strong data-start=\"2678\" data-end=\"2757\">Pour demandeurs d\u2019emploi, jeunes dipl\u00f4m\u00e9s et professionnels en reconversion<\/strong><\/p>\n<p data-start=\"2761\" data-end=\"3098\">\ud83d\udd39 <strong data-start=\"2764\" data-end=\"2800\">Techniques de recherche d&#8217;emploi<\/strong> : Optimiser son CV et sa lettre de motivation<br data-start=\"2846\" data-end=\"2849\" \/>\ud83d\udd39 <strong data-start=\"2852\" data-end=\"2882\">Pr\u00e9paration aux entretiens<\/strong> : Structurer ses r\u00e9ponses et se d\u00e9marquer<br data-start=\"2924\" data-end=\"2927\" \/>\ud83d\udd39 <strong data-start=\"2930\" data-end=\"2995\">Comprendre l\u2019assurance ch\u00f4mage et le march\u00e9 du travail suisse<\/strong><br data-start=\"2995\" data-end=\"2998\" \/>\ud83d\udd39 <strong data-start=\"3001\" data-end=\"3040\">Strat\u00e9gies de r\u00e9seautage &amp; LinkedIn<\/strong> : Cr\u00e9er une marque personnelle et d\u00e9velopper son r\u00e9seau<\/p>\n\n\n<hr data-start=\"3100\" data-end=\"3103\" \/>\n\n<h3 data-start=\"3105\" data-end=\"3171\"><strong data-start=\"3109\" data-end=\"3169\">\ud83d\udfe3 Formations en Comp\u00e9tences Transversales (Soft Skills)<\/strong><\/h3>\n<p data-start=\"3172\" data-end=\"3252\">\ud83d\udccc <strong data-start=\"3175\" data-end=\"3250\">Adapt\u00e9es \u00e0 tous les professionnels souhaitant am\u00e9liorer leur efficacit\u00e9<\/strong><\/p>\n<p data-start=\"3172\" data-end=\"3252\">\ud83d\udd39 <strong data-start=\"3336\" data-end=\"3373\">N\u00e9gociation &amp; gestion de conflits<\/strong> : Trouver des solutions gagnant-gagnant<br data-start=\"3413\" data-end=\"3416\" \/>\ud83d\udd39 <strong data-start=\"3419\" data-end=\"3455\">Gestion du temps et productivit\u00e9<\/strong> : Optimiser son organisation et ses priorit\u00e9s<br data-start=\"3501\" data-end=\"3504\" \/>\ud83d\udd39 <strong data-start=\"3507\" data-end=\"3554\">Sensibilisation \u00e0 la diversit\u00e9 et inclusion<\/strong> : Favoriser un climat de travail respectueux et inclusif<\/p>\n\n\n<hr data-start=\"3615\" data-end=\"3618\" \/>\n\n<h2 data-start=\"3620\" data-end=\"3677\">\ud83d\udcde <strong data-start=\"3626\" data-end=\"3675\">Contactez-moi pour une formation sur-mesure !<\/strong><\/h2>\n<p data-start=\"3678\" data-end=\"3780\">Chaque formation est adaptable \u00e0 vos besoins et peut \u00eatre dispens\u00e9e en <strong data-start=\"3749\" data-end=\"3777\">pr\u00e9sentiel ou \u00e0 distance<\/strong>.<\/p>\n<p data-start=\"3782\" data-end=\"3866\">\ud83d\udce7 <strong data-start=\"3785\" data-end=\"3809\"><a rel=\"noopener\" data-start=\"3787\" data-end=\"3807\">yan.grobel@gmail.com<\/a><\/strong><br data-start=\"3809\" data-end=\"3812\" \/>\ud83d\udcde <strong data-start=\"3815\" data-end=\"3835\">+41.76.337.32.44<\/strong><\/p>\n<p data-start=\"3782\" data-end=\"3866\"><a href=\"https:\/\/www.linkedin.com\/in\/grobel-yan-70a1767\/\">Linkedin<\/a><\/p>\n&nbsp;\n\n&nbsp;\t\t\t\t\t\t\t\t<\/div>\n\t\t\t\t<\/div>\n\t\t\t\t\t<\/div>\n\t\t\t\t<\/div>\n\t\t<div class=\"elementor-element elementor-element-5ef254a e-flex e-con-boxed e-con e-parent\" data-id=\"5ef254a\" data-element_type=\"container\" data-e-type=\"container\">\n\t\t\t\t\t<div class=\"e-con-inner\">\n\t\t\t\t<div class=\"elementor-element elementor-element-59cb343 elementor-align-center elementor-widget elementor-widget-button\" data-id=\"59cb343\" data-element_type=\"widget\" data-e-type=\"widget\" data-widget_type=\"button.default\">\n\t\t\t\t<div class=\"elementor-widget-container\">\n\t\t\t\t\t\t\t\t\t<div class=\"elementor-button-wrapper\">\n\t\t\t\t\t<a class=\"elementor-button elementor-button-link elementor-size-sm\" href=\"https:\/\/simpleservicerh.ch\/?page_id=1162\">\n\t\t\t\t\t\t<span class=\"elementor-button-content-wrapper\">\n\t\t\t\t\t\t\t\t\t<span class=\"elementor-button-text\">Tarifs des formations<\/span>\n\t\t\t\t\t<\/span>\n\t\t\t\t\t<\/a>\n\t\t\t\t<\/div>\n\t\t\t\t\t\t\t\t<\/div>\n\t\t\t\t<\/div>\n\t\t\t\t\t<\/div>\n\t\t\t\t<\/div>\n\t\t\t\t<\/div>\n\t\t","protected":false},"excerpt":{"rendered":"<p>Dans un environnement en constante \u00e9volution, il est essentiel pour les entreprises et les professionnels de d\u00e9velopper en continu leurs comp\u00e9tences. Que ce soit pour renforcer le leadership, am\u00e9liorer l\u2019efficacit\u00e9 en entreprise, faciliter l\u2019insertion professionnelle ou optimiser la gestion des ressources humaines, la formation permet d\u2019acqu\u00e9rir les outils n\u00e9cessaires pour s\u2019adapter aux d\u00e9fis actuels. En [&hellip;]<\/p>\n","protected":false},"author":1,"featured_media":0,"parent":0,"menu_order":0,"comment_status":"closed","ping_status":"closed","template":"","meta":{"_crdt_document":"","om_disable_all_campaigns":false,"_monsterinsights_skip_tracking":false,"_uf_show_specific_survey":0,"_uf_disable_surveys":false,"footnotes":""},"class_list":["post-132","page","type-page","status-publish","hentry"],"yoast_head":"<!-- This site is optimized with the Yoast SEO plugin v28.3 - https:\/\/yoast.com\/product\/yoast-seo-wordpress\/ -->\n<title>Formations en Management, Insertion Professionnelle &amp; Ressources Humaines - Simple Service RH<\/title>\n<meta name=\"robots\" content=\"index, follow, max-snippet:-1, max-image-preview:large, max-video-preview:-1\" \/>\n<link rel=\"canonical\" href=\"https:\/\/simpleservicerh.ch\/?page_id=132\" \/>\n<meta property=\"og:locale\" content=\"fr_FR\" \/>\n<meta property=\"og:type\" content=\"article\" \/>\n<meta property=\"og:title\" content=\"Formations en Management, Insertion Professionnelle &amp; Ressources Humaines - Simple Service RH\" \/>\n<meta property=\"og:description\" content=\"Dans un environnement en constante \u00e9volution, il est essentiel pour les entreprises et les professionnels de d\u00e9velopper en continu leurs comp\u00e9tences. Que ce soit pour renforcer le leadership, am\u00e9liorer l\u2019efficacit\u00e9 en entreprise, faciliter l\u2019insertion professionnelle ou optimiser la gestion des ressources humaines, la formation permet d\u2019acqu\u00e9rir les outils n\u00e9cessaires pour s\u2019adapter aux d\u00e9fis actuels. En [&hellip;]\" \/>\n<meta property=\"og:url\" content=\"https:\/\/simpleservicerh.ch\/?page_id=132\" \/>\n<meta property=\"og:site_name\" content=\"Simple Service RH\" \/>\n<meta property=\"article:modified_time\" content=\"2025-02-17T08:13:16+00:00\" \/>\n<meta property=\"og:image\" content=\"https:\/\/simpleservicerh.ch\/wp-content\/uploads\/2024\/10\/DALL\u00b7E-2024-10-11-09.25.07-Create-a-simple-and-professional-logo-icon-without-text-for-a-company-providing-HR-services.-The-icon-should-be-modern-and-minimalist-using-shades-of.webp\" \/>\n\t<meta property=\"og:image:width\" content=\"1024\" \/>\n\t<meta property=\"og:image:height\" content=\"1024\" \/>\n\t<meta property=\"og:image:type\" content=\"image\/webp\" \/>\n<meta name=\"twitter:card\" content=\"summary_large_image\" \/>\n<meta name=\"twitter:label1\" content=\"Dur\u00e9e de lecture estim\u00e9e\" \/>\n\t<meta name=\"twitter:data1\" content=\"3 minutes\" \/>\n<script type=\"application\/ld+json\" class=\"yoast-schema-graph\">{\"@context\":\"https:\\\/\\\/schema.org\",\"@graph\":[{\"@type\":\"WebPage\",\"@id\":\"https:\\\/\\\/simpleservicerh.ch\\\/?page_id=132\",\"url\":\"https:\\\/\\\/simpleservicerh.ch\\\/?page_id=132\",\"name\":\"Formations en Management, Insertion Professionnelle & Ressources Humaines - Simple Service RH\",\"isPartOf\":{\"@id\":\"https:\\\/\\\/simpleservicerh.ch\\\/#website\"},\"datePublished\":\"2024-11-04T08:19:44+00:00\",\"dateModified\":\"2025-02-17T08:13:16+00:00\",\"breadcrumb\":{\"@id\":\"https:\\\/\\\/simpleservicerh.ch\\\/?page_id=132#breadcrumb\"},\"inLanguage\":\"fr-FR\",\"potentialAction\":[{\"@type\":\"ReadAction\",\"target\":[\"https:\\\/\\\/simpleservicerh.ch\\\/?page_id=132\"]}]},{\"@type\":\"BreadcrumbList\",\"@id\":\"https:\\\/\\\/simpleservicerh.ch\\\/?page_id=132#breadcrumb\",\"itemListElement\":[{\"@type\":\"ListItem\",\"position\":1,\"name\":\"Accueil\",\"item\":\"https:\\\/\\\/simpleservicerh.ch\\\/\"},{\"@type\":\"ListItem\",\"position\":2,\"name\":\"Formations en Management, Insertion Professionnelle &#038; Ressources Humaines\"}]},{\"@type\":\"WebSite\",\"@id\":\"https:\\\/\\\/simpleservicerh.ch\\\/#website\",\"url\":\"https:\\\/\\\/simpleservicerh.ch\\\/\",\"name\":\"Simple Service RH\",\"description\":\"Simplicit\u00e9. Efficacit\u00e9. Proximit\u00e9.\",\"publisher\":{\"@id\":\"https:\\\/\\\/simpleservicerh.ch\\\/#organization\"},\"potentialAction\":[{\"@type\":\"SearchAction\",\"target\":{\"@type\":\"EntryPoint\",\"urlTemplate\":\"https:\\\/\\\/simpleservicerh.ch\\\/?s={search_term_string}\"},\"query-input\":{\"@type\":\"PropertyValueSpecification\",\"valueRequired\":true,\"valueName\":\"search_term_string\"}}],\"inLanguage\":\"fr-FR\"},{\"@type\":\"Organization\",\"@id\":\"https:\\\/\\\/simpleservicerh.ch\\\/#organization\",\"name\":\"Simple Service RH\",\"url\":\"https:\\\/\\\/simpleservicerh.ch\\\/\",\"logo\":{\"@type\":\"ImageObject\",\"inLanguage\":\"fr-FR\",\"@id\":\"https:\\\/\\\/simpleservicerh.ch\\\/#\\\/schema\\\/logo\\\/image\\\/\",\"url\":\"https:\\\/\\\/simpleservicerh.ch\\\/wp-content\\\/uploads\\\/2024\\\/10\\\/DALL\u00b7E-2024-10-11-09.25.07-Create-a-simple-and-professional-logo-icon-without-text-for-a-company-providing-HR-services.-The-icon-should-be-modern-and-minimalist-using-shades-of.webp\",\"contentUrl\":\"https:\\\/\\\/simpleservicerh.ch\\\/wp-content\\\/uploads\\\/2024\\\/10\\\/DALL\u00b7E-2024-10-11-09.25.07-Create-a-simple-and-professional-logo-icon-without-text-for-a-company-providing-HR-services.-The-icon-should-be-modern-and-minimalist-using-shades-of.webp\",\"width\":1024,\"height\":1024,\"caption\":\"Simple Service RH\"},\"image\":{\"@id\":\"https:\\\/\\\/simpleservicerh.ch\\\/#\\\/schema\\\/logo\\\/image\\\/\"},\"sameAs\":[\"https:\\\/\\\/www.linkedin.com\\\/company\\\/simpleservicerh\\\/\"]}]}<\/script>\n<!-- \/ Yoast SEO plugin. -->","yoast_head_json":{"title":"Formations en Management, Insertion Professionnelle & Ressources Humaines - Simple Service RH","robots":{"index":"index","follow":"follow","max-snippet":"max-snippet:-1","max-image-preview":"max-image-preview:large","max-video-preview":"max-video-preview:-1"},"canonical":"https:\/\/simpleservicerh.ch\/?page_id=132","og_locale":"fr_FR","og_type":"article","og_title":"Formations en Management, Insertion Professionnelle & Ressources Humaines - Simple Service RH","og_description":"Dans un environnement en constante \u00e9volution, il est essentiel pour les entreprises et les professionnels de d\u00e9velopper en continu leurs comp\u00e9tences. Que ce soit pour renforcer le leadership, am\u00e9liorer l\u2019efficacit\u00e9 en entreprise, faciliter l\u2019insertion professionnelle ou optimiser la gestion des ressources humaines, la formation permet d\u2019acqu\u00e9rir les outils n\u00e9cessaires pour s\u2019adapter aux d\u00e9fis actuels. En [&hellip;]","og_url":"https:\/\/simpleservicerh.ch\/?page_id=132","og_site_name":"Simple Service RH","article_modified_time":"2025-02-17T08:13:16+00:00","og_image":[{"width":1024,"height":1024,"url":"https:\/\/simpleservicerh.ch\/wp-content\/uploads\/2024\/10\/DALL\u00b7E-2024-10-11-09.25.07-Create-a-simple-and-professional-logo-icon-without-text-for-a-company-providing-HR-services.-The-icon-should-be-modern-and-minimalist-using-shades-of.webp","type":"image\/webp"}],"twitter_card":"summary_large_image","twitter_misc":{"Dur\u00e9e de lecture estim\u00e9e":"3 minutes"},"schema":{"@context":"https:\/\/schema.org","@graph":[{"@type":"WebPage","@id":"https:\/\/simpleservicerh.ch\/?page_id=132","url":"https:\/\/simpleservicerh.ch\/?page_id=132","name":"Formations en Management, Insertion Professionnelle & Ressources Humaines - Simple Service RH","isPartOf":{"@id":"https:\/\/simpleservicerh.ch\/#website"},"datePublished":"2024-11-04T08:19:44+00:00","dateModified":"2025-02-17T08:13:16+00:00","breadcrumb":{"@id":"https:\/\/simpleservicerh.ch\/?page_id=132#breadcrumb"},"inLanguage":"fr-FR","potentialAction":[{"@type":"ReadAction","target":["https:\/\/simpleservicerh.ch\/?page_id=132"]}]},{"@type":"BreadcrumbList","@id":"https:\/\/simpleservicerh.ch\/?page_id=132#breadcrumb","itemListElement":[{"@type":"ListItem","position":1,"name":"Accueil","item":"https:\/\/simpleservicerh.ch\/"},{"@type":"ListItem","position":2,"name":"Formations en Management, Insertion Professionnelle &#038; Ressources Humaines"}]},{"@type":"WebSite","@id":"https:\/\/simpleservicerh.ch\/#website","url":"https:\/\/simpleservicerh.ch\/","name":"Simple Service RH","description":"Simplicit\u00e9. Efficacit\u00e9. Proximit\u00e9.","publisher":{"@id":"https:\/\/simpleservicerh.ch\/#organization"},"potentialAction":[{"@type":"SearchAction","target":{"@type":"EntryPoint","urlTemplate":"https:\/\/simpleservicerh.ch\/?s={search_term_string}"},"query-input":{"@type":"PropertyValueSpecification","valueRequired":true,"valueName":"search_term_string"}}],"inLanguage":"fr-FR"},{"@type":"Organization","@id":"https:\/\/simpleservicerh.ch\/#organization","name":"Simple Service RH","url":"https:\/\/simpleservicerh.ch\/","logo":{"@type":"ImageObject","inLanguage":"fr-FR","@id":"https:\/\/simpleservicerh.ch\/#\/schema\/logo\/image\/","url":"https:\/\/simpleservicerh.ch\/wp-content\/uploads\/2024\/10\/DALL\u00b7E-2024-10-11-09.25.07-Create-a-simple-and-professional-logo-icon-without-text-for-a-company-providing-HR-services.-The-icon-should-be-modern-and-minimalist-using-shades-of.webp","contentUrl":"https:\/\/simpleservicerh.ch\/wp-content\/uploads\/2024\/10\/DALL\u00b7E-2024-10-11-09.25.07-Create-a-simple-and-professional-logo-icon-without-text-for-a-company-providing-HR-services.-The-icon-should-be-modern-and-minimalist-using-shades-of.webp","width":1024,"height":1024,"caption":"Simple Service RH"},"image":{"@id":"https:\/\/simpleservicerh.ch\/#\/schema\/logo\/image\/"},"sameAs":["https:\/\/www.linkedin.com\/company\/simpleservicerh\/"]}]}},"jetpack_sharing_enabled":true,"_links":{"self":[{"href":"https:\/\/simpleservicerh.ch\/index.php?rest_route=\/wp\/v2\/pages\/132","targetHints":{"allow":["GET"]}}],"collection":[{"href":"https:\/\/simpleservicerh.ch\/index.php?rest_route=\/wp\/v2\/pages"}],"about":[{"href":"https:\/\/simpleservicerh.ch\/index.php?rest_route=\/wp\/v2\/types\/page"}],"author":[{"embeddable":true,"href":"https:\/\/simpleservicerh.ch\/index.php?rest_route=\/wp\/v2\/users\/1"}],"replies":[{"embeddable":true,"href":"https:\/\/simpleservicerh.ch\/index.php?rest_route=%2Fwp%2Fv2%2Fcomments&post=132"}],"version-history":[{"count":10,"href":"https:\/\/simpleservicerh.ch\/index.php?rest_route=\/wp\/v2\/pages\/132\/revisions"}],"predecessor-version":[{"id":1173,"href":"https:\/\/simpleservicerh.ch\/index.php?rest_route=\/wp\/v2\/pages\/132\/revisions\/1173"}],"wp:attachment":[{"href":"https:\/\/simpleservicerh.ch\/index.php?rest_route=%2Fwp%2Fv2%2Fmedia&parent=132"}],"curies":[{"name":"wp","href":"https:\/\/api.w.org\/{rel}","templated":true}]}}