{"id":433,"date":"2024-12-11T08:13:32","date_gmt":"2024-12-11T08:13:32","guid":{"rendered":"https:\/\/simpleservicerh.ch\/?page_id=433"},"modified":"2024-12-11T08:18:36","modified_gmt":"2024-12-11T08:18:36","slug":"%f0%9f%93%8b-creer-une-procedure-de-reclamation-des-employes","status":"publish","type":"page","link":"https:\/\/simpleservicerh.ch\/?page_id=433","title":{"rendered":"\ud83d\udccb Cr\u00e9er une Proc\u00e9dure de R\u00e9clamation des Employ\u00e9s"},"content":{"rendered":"\t\t<div data-elementor-type=\"wp-page\" data-elementor-id=\"433\" class=\"elementor elementor-433\">\n\t\t\t\t<div class=\"elementor-element elementor-element-b4ca7ec e-flex e-con-boxed e-con e-parent\" data-id=\"b4ca7ec\" data-element_type=\"container\" data-e-type=\"container\">\n\t\t\t\t\t<div class=\"e-con-inner\">\n\t\t\t\t<div class=\"elementor-element elementor-element-d055d94 elementor-widget elementor-widget-html\" data-id=\"d055d94\" data-element_type=\"widget\" data-e-type=\"widget\" data-widget_type=\"html.default\">\n\t\t\t\t<div class=\"elementor-widget-container\">\n\t\t\t\t\t<div>\n  <textarea id=\"promptText\" style=\"width:100%; height:200px;\">\n{\n  \"prompt\": \"D\u00e9veloppez une proc\u00e9dure de traitement des griefs des employ\u00e9s personnalis\u00e9e, align\u00e9e sur les besoins sp\u00e9cifiques de l'utilisateur et conforme aux normes suisses. Le document doit offrir un processus juste et efficace pour traiter les plaintes des employ\u00e9s. Il doit \u00eatre clair, exhaustif et conforme aux cadres l\u00e9gaux suisses, notamment la LTr, le CO et la LEg. Engagez une interaction initiale avec l'utilisateur pour clarifier les besoins sp\u00e9cifiques. Am\u00e9liorez it\u00e9rativement la proc\u00e9dure \u00e0 l'aide des retours utilisateur et des \u00e9valuations bas\u00e9es sur les crit\u00e8res d\u00e9finis. Vous DEVEZ suivre les \u00e9tapes et les r\u00e8gles pr\u00e9cis\u00e9es.\",\n  \"role\": \"Sp\u00e9cialiste des relations employ\u00e9es de niveau expert\",\n  \"department\": \"Ressources humaines\",\n  \"task\": \"Cr\u00e9er une proc\u00e9dure de traitement des griefs des employ\u00e9s\",\n  \"task_description\": \"En tant que sp\u00e9cialiste des relations employ\u00e9es en Suisse, votre mission est de cr\u00e9er une proc\u00e9dure qui garantit un traitement \u00e9quitable et efficace des plaintes des employ\u00e9s. Le document final sera utilis\u00e9 par les responsables RH et les employ\u00e9s pour r\u00e9soudre les conflits au travail tout en favorisant un environnement de travail positif. Les principaux facteurs de succ\u00e8s incluent la clart\u00e9, l\u2019exhaustivit\u00e9 et la conformit\u00e9 l\u00e9gale et \u00e9thique. Le succ\u00e8s sera mesur\u00e9 par la capacit\u00e9 de la proc\u00e9dure \u00e0 r\u00e9soudre efficacement les griefs tout en minimisant les perturbations au travail.\",\n  \"rules\": {\n    \"rule_1\": \"Message initial : \ud83d\udc4b Bonjour, je suis votre expert sur [https:\/\/simpleservicerh.ch](https:\/\/simpleservicerh.ch), sp\u00e9cialiste des relations employ\u00e9es avec 30 ans d'exp\u00e9rience en Suisse. Cr\u00e9ons ensemble une proc\u00e9dure optimale de traitement des griefs. Pour offrir un service de haute qualit\u00e9, je vais vous poser quelques questions.\",\n    \"rule_2\": \"Posez jusqu'\u00e0 5 questions pertinentes pour recueillir les informations n\u00e9cessaires \u00e0 la personnalisation de la proc\u00e9dure.\",\n    \"rule_3\": \"Analysez les r\u00e9ponses \u00e9tape par \u00e9tape et int\u00e9grez les meilleures pratiques du secteur et les normes suisses.\",\n    \"rule_4\": \"Ajoutez des sections essentielles telles que : les \u00e9tapes du processus, les droits des employ\u00e9s, les responsabilit\u00e9s des responsables, et les garanties de confidentialit\u00e9.\",\n    \"rule_5\": \"\u00c9valuez chaque version avec une grille d\u00e9taill\u00e9e\u202f: \ud83e\udd16 Souhaitez-vous que j'\u00e9value ce travail \u261d et que je propose des options pour l'am\u00e9liorer\u202f? Oui ou Non\u202f?\",\n    \"rule_6\": \"Confirmez que l'\u00e9valuation utilise le cadre fourni avec un \u2705 ou \u274c, et incluez des suggestions d'am\u00e9lioration si n\u00e9cessaire.\",\n    \"rule_7\": \"Proposez des options d'am\u00e9lioration apr\u00e8s chaque \u00e9valuation : [\\\"1: \ud83d\udc4d Raffiner selon le feedback\\\", \\\"2: \ud83d\udc40 Fournir une \u00e9valuation plus rigoureuse\\\", \\\"3: \ud83d\ude4b\u200d\u2642\ufe0f Poser davantage de questions pour personnaliser\\\", \\\"4: \ud83e\uddd1\u200d\ud83e\udd1d\u200d\ud83e\uddd1 Simuler les retours d'un groupe de discussion\\\", \\\"5: \ud83d\udc51 Simuler les retours d'experts\\\", \\\"6: \u2728 Explorer une approche cr\u00e9ative diff\u00e9rente\\\", \\\"8: \ud83d\udca1 Modifier le format ou la longueur\\\", \\\"9: \ud83e\udd16 Atteindre automatiquement une note de 10\/10\\\"]\",\n    \"rule_8\": \"Ajoutez une section \\\"Journal des modifications \ud83d\udcdd\\\" pour documenter les mises \u00e0 jour \u00e0 chaque r\u00e9vision.\"\n  },\n  \"key_references\": {\n    \"key_reference_1_title\": \"G\u00e9rer les ressources humaines\",\n    \"key_reference_1_author\": \"Yves Emery, Fran\u00e7ois Gonin\",\n    \"key_reference_1_year\": \"2009\",\n    \"key_reference_1_keyinsights\": [\n      \"Guide complet pour g\u00e9rer les processus RH, y compris la r\u00e9solution des conflits, en conformit\u00e9 avec les cadres suisses.\",\n      \"Strat\u00e9gies pour promouvoir un environnement de travail positif tout en assurant la conformit\u00e9 l\u00e9gale.\"\n    ],\n    \"key_reference_1_link\": \"http:\/\/grh.ppur-plus.com\/\",\n    \"key_reference_2_title\": \"The Essential Guide to Employee Relations: Resolving Workplace Conflict\",\n    \"key_reference_2_author\": \"Sarah Cook\",\n    \"key_reference_2_year\": \"2019\",\n    \"key_reference_2_keyinsights\": [\n      \"Fournit un cadre \u00e9tape par \u00e9tape pour une proc\u00e9dure de traitement des griefs claire et efficace.\",\n      \"Met en avant l'importance de la transparence, de la responsabilit\u00e9 et du respect des normes l\u00e9gales et \u00e9thiques.\"\n    ],\n    \"key_reference_3_title\": \"Conflict Resolution at Work For Dummies\",\n    \"key_reference_3_author\": \"Vivian Scott\",\n    \"key_reference_3_year\": \"2020\",\n    \"key_reference_3_keyinsights\": [\n      \"Techniques pratiques pour r\u00e9soudre les conflits tout en maintenant un environnement de travail positif.\",\n      \"Strat\u00e9gies de communication efficaces pour encourager le dialogue ouvert et r\u00e9soudre les griefs de mani\u00e8re constructive.\"\n    ]\n  },\n  \"criteria\": {\n    \"criteria_1\": {\n      \"name\": \"Exhaustivit\u00e9\",\n      \"description\": \"La proc\u00e9dure doit couvrir toutes les \u00e9tapes n\u00e9cessaires pour garantir une gestion efficace et \u00e9quitable des griefs.\"\n    },\n    \"criteria_2\": {\n      \"name\": \"Clart\u00e9\",\n      \"description\": \"La proc\u00e9dure doit \u00eatre r\u00e9dig\u00e9e dans un langage clair et accessible \u00e0 tous les employ\u00e9s.\"\n    },\n    \"criteria_3\": {\n      \"name\": \"Conformit\u00e9 l\u00e9gale et \u00e9thique\",\n      \"description\": \"La proc\u00e9dure doit respecter les normes l\u00e9gales suisses et garantir la confidentialit\u00e9 et l'impartialit\u00e9.\"\n    },\n    \"criteria_4\": {\n      \"name\": \"Utilisation des r\u00e9f\u00e9rences\",\n      \"description\": \"\u00c9value l'int\u00e9gration des meilleures pratiques et des connaissances issues des ressources cit\u00e9es.\"\n    }\n  }\n}\n<\/textarea>\n  <button onclick=\"copyPrompt()\">\ud83d\udccb Copier le prompt<\/button>\n<\/div>\n<script>\n  function copyPrompt() {\n    var copyText = document.getElementById(\"promptText\");\n    copyText.select();\n    document.execCommand(\"copy\");\n    alert(\"Prompt copi\u00e9 !\");\n  }\n<\/script>\n\t\t\t\t<\/div>\n\t\t\t\t<\/div>\n\t\t\t\t\t<\/div>\n\t\t\t\t<\/div>\n\t\t\t\t<\/div>\n\t\t","protected":false},"excerpt":{"rendered":"<p>{ \u00ab\u00a0prompt\u00a0\u00bb: \u00ab\u00a0D\u00e9veloppez une proc\u00e9dure de traitement des griefs des employ\u00e9s personnalis\u00e9e, align\u00e9e sur les besoins sp\u00e9cifiques de l&rsquo;utilisateur et conforme aux normes suisses. Le document doit offrir un processus juste et efficace pour traiter les plaintes des employ\u00e9s. Il doit \u00eatre clair, exhaustif et conforme aux cadres l\u00e9gaux suisses, notamment la LTr, le CO [&hellip;]<\/p>\n","protected":false},"author":1,"featured_media":0,"parent":0,"menu_order":0,"comment_status":"closed","ping_status":"closed","template":"","meta":{"_crdt_document":"","om_disable_all_campaigns":false,"_monsterinsights_skip_tracking":false,"_uf_show_specific_survey":0,"_uf_disable_surveys":false,"footnotes":""},"class_list":["post-433","page","type-page","status-publish","hentry"],"yoast_head":"<!-- This site is optimized with the Yoast SEO plugin v28.3 - https:\/\/yoast.com\/product\/yoast-seo-wordpress\/ -->\n<title>\ud83d\udccb Cr\u00e9er une Proc\u00e9dure de R\u00e9clamation des Employ\u00e9s - Simple Service RH<\/title>\n<meta name=\"robots\" content=\"index, follow, max-snippet:-1, max-image-preview:large, max-video-preview:-1\" \/>\n<link rel=\"canonical\" href=\"https:\/\/simpleservicerh.ch\/?page_id=433\" \/>\n<meta property=\"og:locale\" content=\"fr_FR\" \/>\n<meta property=\"og:type\" content=\"article\" \/>\n<meta property=\"og:title\" content=\"\ud83d\udccb Cr\u00e9er une Proc\u00e9dure de R\u00e9clamation des Employ\u00e9s - Simple Service RH\" \/>\n<meta property=\"og:description\" content=\"{ \u00ab\u00a0prompt\u00a0\u00bb: \u00ab\u00a0D\u00e9veloppez une proc\u00e9dure de traitement des griefs des employ\u00e9s personnalis\u00e9e, align\u00e9e sur les besoins sp\u00e9cifiques de l&rsquo;utilisateur et conforme aux normes suisses. Le document doit offrir un processus juste et efficace pour traiter les plaintes des employ\u00e9s. Il doit \u00eatre clair, exhaustif et conforme aux cadres l\u00e9gaux suisses, notamment la LTr, le CO [&hellip;]\" \/>\n<meta property=\"og:url\" content=\"https:\/\/simpleservicerh.ch\/?page_id=433\" \/>\n<meta property=\"og:site_name\" content=\"Simple Service RH\" \/>\n<meta property=\"article:modified_time\" content=\"2024-12-11T08:18:36+00:00\" \/>\n<meta property=\"og:image\" content=\"https:\/\/simpleservicerh.ch\/wp-content\/uploads\/2024\/10\/DALL\u00b7E-2024-10-11-09.25.07-Create-a-simple-and-professional-logo-icon-without-text-for-a-company-providing-HR-services.-The-icon-should-be-modern-and-minimalist-using-shades-of.webp\" \/>\n\t<meta property=\"og:image:width\" content=\"1024\" \/>\n\t<meta property=\"og:image:height\" content=\"1024\" \/>\n\t<meta property=\"og:image:type\" content=\"image\/webp\" \/>\n<meta name=\"twitter:card\" content=\"summary_large_image\" \/>\n<meta name=\"twitter:label1\" content=\"Dur\u00e9e de lecture estim\u00e9e\" \/>\n\t<meta name=\"twitter:data1\" content=\"1 minute\" \/>\n<script type=\"application\/ld+json\" class=\"yoast-schema-graph\">{\"@context\":\"https:\\\/\\\/schema.org\",\"@graph\":[{\"@type\":\"WebPage\",\"@id\":\"https:\\\/\\\/simpleservicerh.ch\\\/?page_id=433\",\"url\":\"https:\\\/\\\/simpleservicerh.ch\\\/?page_id=433\",\"name\":\"\ud83d\udccb Cr\u00e9er une Proc\u00e9dure de R\u00e9clamation des Employ\u00e9s - Simple Service RH\",\"isPartOf\":{\"@id\":\"https:\\\/\\\/simpleservicerh.ch\\\/#website\"},\"datePublished\":\"2024-12-11T08:13:32+00:00\",\"dateModified\":\"2024-12-11T08:18:36+00:00\",\"breadcrumb\":{\"@id\":\"https:\\\/\\\/simpleservicerh.ch\\\/?page_id=433#breadcrumb\"},\"inLanguage\":\"fr-FR\",\"potentialAction\":[{\"@type\":\"ReadAction\",\"target\":[\"https:\\\/\\\/simpleservicerh.ch\\\/?page_id=433\"]}]},{\"@type\":\"BreadcrumbList\",\"@id\":\"https:\\\/\\\/simpleservicerh.ch\\\/?page_id=433#breadcrumb\",\"itemListElement\":[{\"@type\":\"ListItem\",\"position\":1,\"name\":\"Accueil\",\"item\":\"https:\\\/\\\/simpleservicerh.ch\\\/\"},{\"@type\":\"ListItem\",\"position\":2,\"name\":\"\ud83d\udccb Cr\u00e9er une Proc\u00e9dure de R\u00e9clamation des Employ\u00e9s\"}]},{\"@type\":\"WebSite\",\"@id\":\"https:\\\/\\\/simpleservicerh.ch\\\/#website\",\"url\":\"https:\\\/\\\/simpleservicerh.ch\\\/\",\"name\":\"Simple Service RH\",\"description\":\"Simplicit\u00e9. Efficacit\u00e9. Proximit\u00e9.\",\"publisher\":{\"@id\":\"https:\\\/\\\/simpleservicerh.ch\\\/#organization\"},\"potentialAction\":[{\"@type\":\"SearchAction\",\"target\":{\"@type\":\"EntryPoint\",\"urlTemplate\":\"https:\\\/\\\/simpleservicerh.ch\\\/?s={search_term_string}\"},\"query-input\":{\"@type\":\"PropertyValueSpecification\",\"valueRequired\":true,\"valueName\":\"search_term_string\"}}],\"inLanguage\":\"fr-FR\"},{\"@type\":\"Organization\",\"@id\":\"https:\\\/\\\/simpleservicerh.ch\\\/#organization\",\"name\":\"Simple Service RH\",\"url\":\"https:\\\/\\\/simpleservicerh.ch\\\/\",\"logo\":{\"@type\":\"ImageObject\",\"inLanguage\":\"fr-FR\",\"@id\":\"https:\\\/\\\/simpleservicerh.ch\\\/#\\\/schema\\\/logo\\\/image\\\/\",\"url\":\"https:\\\/\\\/simpleservicerh.ch\\\/wp-content\\\/uploads\\\/2024\\\/10\\\/DALL\u00b7E-2024-10-11-09.25.07-Create-a-simple-and-professional-logo-icon-without-text-for-a-company-providing-HR-services.-The-icon-should-be-modern-and-minimalist-using-shades-of.webp\",\"contentUrl\":\"https:\\\/\\\/simpleservicerh.ch\\\/wp-content\\\/uploads\\\/2024\\\/10\\\/DALL\u00b7E-2024-10-11-09.25.07-Create-a-simple-and-professional-logo-icon-without-text-for-a-company-providing-HR-services.-The-icon-should-be-modern-and-minimalist-using-shades-of.webp\",\"width\":1024,\"height\":1024,\"caption\":\"Simple Service RH\"},\"image\":{\"@id\":\"https:\\\/\\\/simpleservicerh.ch\\\/#\\\/schema\\\/logo\\\/image\\\/\"},\"sameAs\":[\"https:\\\/\\\/www.linkedin.com\\\/company\\\/simpleservicerh\\\/\"]}]}<\/script>\n<!-- \/ Yoast SEO plugin. -->","yoast_head_json":{"title":"\ud83d\udccb Cr\u00e9er une Proc\u00e9dure de R\u00e9clamation des Employ\u00e9s - Simple Service RH","robots":{"index":"index","follow":"follow","max-snippet":"max-snippet:-1","max-image-preview":"max-image-preview:large","max-video-preview":"max-video-preview:-1"},"canonical":"https:\/\/simpleservicerh.ch\/?page_id=433","og_locale":"fr_FR","og_type":"article","og_title":"\ud83d\udccb Cr\u00e9er une Proc\u00e9dure de R\u00e9clamation des Employ\u00e9s - Simple Service RH","og_description":"{ \u00ab\u00a0prompt\u00a0\u00bb: \u00ab\u00a0D\u00e9veloppez une proc\u00e9dure de traitement des griefs des employ\u00e9s personnalis\u00e9e, align\u00e9e sur les besoins sp\u00e9cifiques de l&rsquo;utilisateur et conforme aux normes suisses. Le document doit offrir un processus juste et efficace pour traiter les plaintes des employ\u00e9s. Il doit \u00eatre clair, exhaustif et conforme aux cadres l\u00e9gaux suisses, notamment la LTr, le CO [&hellip;]","og_url":"https:\/\/simpleservicerh.ch\/?page_id=433","og_site_name":"Simple Service RH","article_modified_time":"2024-12-11T08:18:36+00:00","og_image":[{"width":1024,"height":1024,"url":"https:\/\/simpleservicerh.ch\/wp-content\/uploads\/2024\/10\/DALL\u00b7E-2024-10-11-09.25.07-Create-a-simple-and-professional-logo-icon-without-text-for-a-company-providing-HR-services.-The-icon-should-be-modern-and-minimalist-using-shades-of.webp","type":"image\/webp"}],"twitter_card":"summary_large_image","twitter_misc":{"Dur\u00e9e de lecture estim\u00e9e":"1 minute"},"schema":{"@context":"https:\/\/schema.org","@graph":[{"@type":"WebPage","@id":"https:\/\/simpleservicerh.ch\/?page_id=433","url":"https:\/\/simpleservicerh.ch\/?page_id=433","name":"\ud83d\udccb Cr\u00e9er une Proc\u00e9dure de R\u00e9clamation des Employ\u00e9s - Simple Service RH","isPartOf":{"@id":"https:\/\/simpleservicerh.ch\/#website"},"datePublished":"2024-12-11T08:13:32+00:00","dateModified":"2024-12-11T08:18:36+00:00","breadcrumb":{"@id":"https:\/\/simpleservicerh.ch\/?page_id=433#breadcrumb"},"inLanguage":"fr-FR","potentialAction":[{"@type":"ReadAction","target":["https:\/\/simpleservicerh.ch\/?page_id=433"]}]},{"@type":"BreadcrumbList","@id":"https:\/\/simpleservicerh.ch\/?page_id=433#breadcrumb","itemListElement":[{"@type":"ListItem","position":1,"name":"Accueil","item":"https:\/\/simpleservicerh.ch\/"},{"@type":"ListItem","position":2,"name":"\ud83d\udccb Cr\u00e9er une Proc\u00e9dure de R\u00e9clamation des Employ\u00e9s"}]},{"@type":"WebSite","@id":"https:\/\/simpleservicerh.ch\/#website","url":"https:\/\/simpleservicerh.ch\/","name":"Simple Service RH","description":"Simplicit\u00e9. Efficacit\u00e9. Proximit\u00e9.","publisher":{"@id":"https:\/\/simpleservicerh.ch\/#organization"},"potentialAction":[{"@type":"SearchAction","target":{"@type":"EntryPoint","urlTemplate":"https:\/\/simpleservicerh.ch\/?s={search_term_string}"},"query-input":{"@type":"PropertyValueSpecification","valueRequired":true,"valueName":"search_term_string"}}],"inLanguage":"fr-FR"},{"@type":"Organization","@id":"https:\/\/simpleservicerh.ch\/#organization","name":"Simple Service RH","url":"https:\/\/simpleservicerh.ch\/","logo":{"@type":"ImageObject","inLanguage":"fr-FR","@id":"https:\/\/simpleservicerh.ch\/#\/schema\/logo\/image\/","url":"https:\/\/simpleservicerh.ch\/wp-content\/uploads\/2024\/10\/DALL\u00b7E-2024-10-11-09.25.07-Create-a-simple-and-professional-logo-icon-without-text-for-a-company-providing-HR-services.-The-icon-should-be-modern-and-minimalist-using-shades-of.webp","contentUrl":"https:\/\/simpleservicerh.ch\/wp-content\/uploads\/2024\/10\/DALL\u00b7E-2024-10-11-09.25.07-Create-a-simple-and-professional-logo-icon-without-text-for-a-company-providing-HR-services.-The-icon-should-be-modern-and-minimalist-using-shades-of.webp","width":1024,"height":1024,"caption":"Simple Service RH"},"image":{"@id":"https:\/\/simpleservicerh.ch\/#\/schema\/logo\/image\/"},"sameAs":["https:\/\/www.linkedin.com\/company\/simpleservicerh\/"]}]}},"jetpack_sharing_enabled":true,"_links":{"self":[{"href":"https:\/\/simpleservicerh.ch\/index.php?rest_route=\/wp\/v2\/pages\/433","targetHints":{"allow":["GET"]}}],"collection":[{"href":"https:\/\/simpleservicerh.ch\/index.php?rest_route=\/wp\/v2\/pages"}],"about":[{"href":"https:\/\/simpleservicerh.ch\/index.php?rest_route=\/wp\/v2\/types\/page"}],"author":[{"embeddable":true,"href":"https:\/\/simpleservicerh.ch\/index.php?rest_route=\/wp\/v2\/users\/1"}],"replies":[{"embeddable":true,"href":"https:\/\/simpleservicerh.ch\/index.php?rest_route=%2Fwp%2Fv2%2Fcomments&post=433"}],"version-history":[{"count":4,"href":"https:\/\/simpleservicerh.ch\/index.php?rest_route=\/wp\/v2\/pages\/433\/revisions"}],"predecessor-version":[{"id":437,"href":"https:\/\/simpleservicerh.ch\/index.php?rest_route=\/wp\/v2\/pages\/433\/revisions\/437"}],"wp:attachment":[{"href":"https:\/\/simpleservicerh.ch\/index.php?rest_route=%2Fwp%2Fv2%2Fmedia&parent=433"}],"curies":[{"name":"wp","href":"https:\/\/api.w.org\/{rel}","templated":true}]}}